{"id":78,"date":"2018-10-28T10:16:28","date_gmt":"2018-10-28T10:16:28","guid":{"rendered":"https:\/\/tafel-drensteinfurt.de\/?page_id=78"},"modified":"2025-02-27T06:59:37","modified_gmt":"2025-02-27T06:59:37","slug":"ueber-uns","status":"publish","type":"page","link":"https:\/\/www.tafel-drensteinfurt.de\/?page_id=78","title":{"rendered":"\u00dcber uns"},"content":{"rendered":"<p>Die Tafel Drensteinfurt e.V. wurde Ende 2017 auf Initiative von Rudi Naerger gegr\u00fcndet.<\/p>\n<p>Wir sind Mitglied seit 2018 im Landesverband Tafeln NRW e.V. und im Bundesverband Deutsche Tafel e.V. .<\/p>\n<p>Der Vorstand besteht aus:<\/p>\n<p>Stefan Gengenbacher als 1. Vorsitzender Tel.: 0173 674 5666<\/p>\n<p><img loading=\"lazy\" decoding=\"async\" class=\"alignnone size-medium wp-image-81\" src=\"https:\/\/www.tafel-drensteinfurt.de\/wp-content\/uploads\/2018\/10\/1219801618-xd28d17321-1bjpHCPee-300x171.jpg\" alt=\"\" width=\"300\" height=\"171\" srcset=\"https:\/\/www.tafel-drensteinfurt.de\/wp-content\/uploads\/2018\/10\/1219801618-xd28d17321-1bjpHCPee-300x171.jpg 300w, https:\/\/www.tafel-drensteinfurt.de\/wp-content\/uploads\/2018\/10\/1219801618-xd28d17321-1bjpHCPee.jpg 456w\" sizes=\"(max-width: 300px) 100vw, 300px\" \/><\/p>\n<p>Reinhard Gerlach als 2. Vorsitzender Tel.:0152 21947514<\/p>\n<p><img loading=\"lazy\" decoding=\"async\" class=\"alignnone size-medium wp-image-572\" src=\"https:\/\/www.tafel-drensteinfurt.de\/wp-content\/uploads\/2024\/07\/Reinhard-268x300.jpg\" alt=\"\" width=\"268\" height=\"300\" srcset=\"https:\/\/www.tafel-drensteinfurt.de\/wp-content\/uploads\/2024\/07\/Reinhard-268x300.jpg 268w, https:\/\/www.tafel-drensteinfurt.de\/wp-content\/uploads\/2024\/07\/Reinhard.jpg 572w\" sizes=\"(max-width: 268px) 100vw, 268px\" \/><\/p>\n<p>Petra Holler-Kracht als Kassiererin Tel.: 0151 648 12670<\/p>\n<p><img loading=\"lazy\" decoding=\"async\" class=\"alignnone size-medium wp-image-440\" src=\"https:\/\/www.tafel-drensteinfurt.de\/wp-content\/uploads\/2023\/01\/Foto-webseite-1-268x300.jpg\" alt=\"\" width=\"268\" height=\"300\" srcset=\"https:\/\/www.tafel-drensteinfurt.de\/wp-content\/uploads\/2023\/01\/Foto-webseite-1-268x300.jpg 268w, https:\/\/www.tafel-drensteinfurt.de\/wp-content\/uploads\/2023\/01\/Foto-webseite-1-768x859.jpg 768w, https:\/\/www.tafel-drensteinfurt.de\/wp-content\/uploads\/2023\/01\/Foto-webseite-1-916x1024.jpg 916w\" sizes=\"(max-width: 268px) 100vw, 268px\" \/><\/p>\n<p>Thomas Stutenb\u00e4umer als Gesch\u00e4ftsf\u00fchrer<\/p>\n<p><img loading=\"lazy\" decoding=\"async\" class=\"alignnone size-medium wp-image-573\" src=\"https:\/\/www.tafel-drensteinfurt.de\/wp-content\/uploads\/2024\/07\/Thomas-275x300.jpg\" alt=\"\" width=\"275\" height=\"300\" srcset=\"https:\/\/www.tafel-drensteinfurt.de\/wp-content\/uploads\/2024\/07\/Thomas-275x300.jpg 275w, https:\/\/www.tafel-drensteinfurt.de\/wp-content\/uploads\/2024\/07\/Thomas.jpg 586w\" sizes=\"(max-width: 275px) 100vw, 275px\" \/><\/p>\n<p>Die aktuelle Satzung k\u00f6nnen Sie sich unter <a href=\"https:\/\/www.tafel-drensteinfurt.de\/wp-content\/uploads\/2025\/02\/Satzung-Tafel-27-Jun-2024.pdf\">Satzung Tafel 27 Jun 2024<\/a>\u00a0anschauen oder herunterladen.<\/p>\n<p>&nbsp;<\/p>\n","protected":false},"excerpt":{"rendered":"<p>Die Tafel Drensteinfurt e.V. wurde Ende 2017 auf Initiative von Rudi Naerger gegr\u00fcndet. Wir sind Mitglied seit 2018 im Landesverband Tafeln NRW e.V. und im Bundesverband Deutsche Tafel e.V. . Der Vorstand besteht aus: Stefan Gengenbacher als 1. Vorsitzender Tel.: 0173 674 5666 Reinhard Gerlach als 2. Vorsitzender Tel.:0152 21947514<\/p>\n","protected":false},"author":3,"featured_media":0,"parent":0,"menu_order":0,"comment_status":"closed","ping_status":"closed","template":"","meta":{"footnotes":""},"_links":{"self":[{"href":"https:\/\/www.tafel-drensteinfurt.de\/index.php?rest_route=\/wp\/v2\/pages\/78"}],"collection":[{"href":"https:\/\/www.tafel-drensteinfurt.de\/index.php?rest_route=\/wp\/v2\/pages"}],"about":[{"href":"https:\/\/www.tafel-drensteinfurt.de\/index.php?rest_route=\/wp\/v2\/types\/page"}],"author":[{"embeddable":true,"href":"https:\/\/www.tafel-drensteinfurt.de\/index.php?rest_route=\/wp\/v2\/users\/3"}],"replies":[{"embeddable":true,"href":"https:\/\/www.tafel-drensteinfurt.de\/index.php?rest_route=%2Fwp%2Fv2%2Fcomments&post=78"}],"version-history":[{"count":13,"href":"https:\/\/www.tafel-drensteinfurt.de\/index.php?rest_route=\/wp\/v2\/pages\/78\/revisions"}],"predecessor-version":[{"id":632,"href":"https:\/\/www.tafel-drensteinfurt.de\/index.php?rest_route=\/wp\/v2\/pages\/78\/revisions\/632"}],"wp:attachment":[{"href":"https:\/\/www.tafel-drensteinfurt.de\/index.php?rest_route=%2Fwp%2Fv2%2Fmedia&parent=78"}],"curies":[{"name":"wp","href":"https:\/\/api.w.org\/{rel}","templated":true}]}}